{"id":646,"date":"2024-02-18T11:43:52","date_gmt":"2024-02-18T11:43:52","guid":{"rendered":"http:\/\/845.ablak.arnes.si\/?page_id=646"},"modified":"2025-07-11T11:37:45","modified_gmt":"2025-07-11T11:37:45","slug":"enote","status":"publish","type":"page","link":"https:\/\/vrtecmorje.si\/?page_id=646","title":{"rendered":"Enote"},"content":{"rendered":"\n<hr class=\"wp-block-separator has-alpha-channel-opacity is-style-wide\"\/>\n\n\n\n<h3 class=\"wp-block-heading\">Centralni vrtec<\/h3>\n\n\n\n<p>V \u010dasu gradnje novega vrtca je delo organizirano na O\u0161 Cirila Kosma\u010da Piran, in sicer 7 oddelkov, v Vrtcu Piran, enota Mornar\u010dek 1 oddelek in enota Bar\u010dica 2 oddelka.<\/p>\n\n\n\n<figure class=\"wp-block-image size-large\"><img decoding=\"async\" loading=\"lazy\" width=\"1024\" height=\"346\" src=\"http:\/\/845.ablak.arnes.si\/wp-content\/uploads\/2023\/11\/PolonaKrevatin_VrtecMorje_jun17-0206-e1498561218657-1024x346.jpg\" alt=\"\" class=\"wp-image-61\" srcset=\"https:\/\/vrtecmorje.si\/wp-content\/uploads\/2023\/11\/PolonaKrevatin_VrtecMorje_jun17-0206-e1498561218657-1024x346.jpg 1024w, https:\/\/vrtecmorje.si\/wp-content\/uploads\/2023\/11\/PolonaKrevatin_VrtecMorje_jun17-0206-e1498561218657-300x101.jpg 300w, https:\/\/vrtecmorje.si\/wp-content\/uploads\/2023\/11\/PolonaKrevatin_VrtecMorje_jun17-0206-e1498561218657-768x259.jpg 768w, https:\/\/vrtecmorje.si\/wp-content\/uploads\/2023\/11\/PolonaKrevatin_VrtecMorje_jun17-0206-e1498561218657-1536x518.jpg 1536w, https:\/\/vrtecmorje.si\/wp-content\/uploads\/2023\/11\/PolonaKrevatin_VrtecMorje_jun17-0206-e1498561218657.jpg 1920w\" sizes=\"(max-width: 1024px) 100vw, 1024px\" \/><\/figure>\n\n\n\n<p>Fazanska ulica 3<br>6320 Portoro\u017e<br>T: 05 671 28 30<\/p>\n\n\n\n<hr class=\"wp-block-separator alignwide has-alpha-channel-opacity is-style-wide\"\/>\n\n\n\n<h3 class=\"wp-block-heading\">Enota Je\u017eek<\/h3>\n\n\n\n<p>Je\u017eek je na\u0161a enota v bloku. Tam imamo \u0161tiri skupine otrok. Od najmlaj\u0161ih do najstarej\u0161ih. Imamo tudi atelje v katerem lahko otroci ustvarjajo. Igri\u0161\u010de je res manj\u0161e, kot v \u201dspodnjem\u201d vrtcu, vendar prijetno in varno.<\/p>\n\n\n\n<figure class=\"wp-block-image size-large\"><img decoding=\"async\" loading=\"lazy\" width=\"1024\" height=\"346\" src=\"http:\/\/845.ablak.arnes.si\/wp-content\/uploads\/2023\/12\/e_jezek-1024x346.jpg\" alt=\"\" class=\"wp-image-511\" srcset=\"https:\/\/vrtecmorje.si\/wp-content\/uploads\/2023\/12\/e_jezek-1024x346.jpg 1024w, https:\/\/vrtecmorje.si\/wp-content\/uploads\/2023\/12\/e_jezek-300x101.jpg 300w, https:\/\/vrtecmorje.si\/wp-content\/uploads\/2023\/12\/e_jezek-768x259.jpg 768w, https:\/\/vrtecmorje.si\/wp-content\/uploads\/2023\/12\/e_jezek-1536x518.jpg 1536w, https:\/\/vrtecmorje.si\/wp-content\/uploads\/2023\/12\/e_jezek.jpg 1920w\" sizes=\"(max-width: 1024px) 100vw, 1024px\" \/><\/figure>\n\n\n\n<p>Liminjanska 91<br>6320 Portoro\u017e<br>T: 05 677 01 90<\/p>\n\n\n\n<hr class=\"wp-block-separator has-alpha-channel-opacity is-style-wide\"\/>\n\n\n\n<h3 class=\"wp-block-heading\">Enota Strunjan<\/h3>\n\n\n\n<p>Na\u0161i otroci v Strunjanu \u017eivijo v prijateljskem so\u017eitju z otroki italijanskega vrtca La Coccinella. V starostno me\u0161anem oddelku se u\u010dijo razli\u010dnih socialnih vlog in strpnosti ter prijaznosti drug do drugega. Imajo \u010dudovito okolico za sprehode in bivanje na prostem.<\/p>\n\n\n\n<figure class=\"wp-block-image size-large\"><img decoding=\"async\" loading=\"lazy\" width=\"1024\" height=\"346\" src=\"http:\/\/845.ablak.arnes.si\/wp-content\/uploads\/2023\/12\/e_strunjan-1024x346.jpg\" alt=\"\" class=\"wp-image-512\" srcset=\"https:\/\/vrtecmorje.si\/wp-content\/uploads\/2023\/12\/e_strunjan-1024x346.jpg 1024w, https:\/\/vrtecmorje.si\/wp-content\/uploads\/2023\/12\/e_strunjan-300x101.jpg 300w, https:\/\/vrtecmorje.si\/wp-content\/uploads\/2023\/12\/e_strunjan-768x259.jpg 768w, https:\/\/vrtecmorje.si\/wp-content\/uploads\/2023\/12\/e_strunjan-1536x518.jpg 1536w, https:\/\/vrtecmorje.si\/wp-content\/uploads\/2023\/12\/e_strunjan.jpg 1920w\" sizes=\"(max-width: 1024px) 100vw, 1024px\" \/><\/figure>\n\n\n\n<p>Strunjan 37<br>6320 Portoro\u017e<br>T: 05 678 23 22<\/p>\n","protected":false},"excerpt":{"rendered":"<p>Centralni vrtec V \u010dasu gradnje novega vrtca je delo organizirano na O\u0161 Cirila Kosma\u010da Piran, in sicer 7 oddelkov, v Vrtcu Piran, enota Mornar\u010dek 1 oddelek in enota Bar\u010dica 2 oddelka. Fazanska ulica 36320 Portoro\u017eT: 05 671 28 30 Enota Je\u017eek Je\u017eek je na\u0161a enota v bloku. Tam imamo \u0161tiri skupine otrok. Od najmlaj\u0161ih do &hellip;<\/p>\n<p class=\"read-more\"> <a class=\"\" href=\"https:\/\/vrtecmorje.si\/?page_id=646\"> <span class=\"screen-reader-text\">Enote<\/span> Preberi ve\u010d &raquo;<\/a><\/p>\n","protected":false},"author":1,"featured_media":0,"parent":0,"menu_order":0,"comment_status":"closed","ping_status":"closed","template":"","meta":{"site-sidebar-layout":"default","site-content-layout":"","ast-site-content-layout":"","site-content-style":"boxed","site-sidebar-style":"default","ast-global-header-display":"","ast-banner-title-visibility":"","ast-main-header-display":"","ast-hfb-above-header-display":"","ast-hfb-below-header-display":"","ast-hfb-mobile-header-display":"","site-post-title":"disabled","ast-breadcrumbs-content":"","ast-featured-img":"","footer-sml-layout":"","theme-transparent-header-meta":"","adv-header-id-meta":"","stick-header-meta":"","header-above-stick-meta":"","header-main-stick-meta":"","header-below-stick-meta":"","astra-migrate-meta-layouts":"","ast-page-background-enabled":"default","ast-page-background-meta":{"desktop":{"background-color":"var(--ast-global-color-4)","background-image":"","background-repeat":"repeat","background-position":"center center","background-size":"auto","background-attachment":"scroll","background-type":"","background-media":"","overlay-type":"","overlay-color":"","overlay-gradient":""},"tablet":{"background-color":"","background-image":"","background-repeat":"repeat","background-position":"center center","background-size":"auto","background-attachment":"scroll","background-type":"","background-media":"","overlay-type":"","overlay-color":"","overlay-gradient":""},"mobile":{"background-color":"","background-image":"","background-repeat":"repeat","background-position":"center center","background-size":"auto","background-attachment":"scroll","background-type":"","background-media":"","overlay-type":"","overlay-color":"","overlay-gradient":""}},"ast-content-background-meta":{"desktop":{"background-color":"var(--ast-global-color-5)","background-image":"","background-repeat":"repeat","background-position":"center center","background-size":"auto","background-attachment":"scroll","background-type":"","background-media":"","overlay-type":"","overlay-color":"","overlay-gradient":""},"tablet":{"background-color":"var(--ast-global-color-5)","background-image":"","background-repeat":"repeat","background-position":"center center","background-size":"auto","background-attachment":"scroll","background-type":"","background-media":"","overlay-type":"","overlay-color":"","overlay-gradient":""},"mobile":{"background-color":"var(--ast-global-color-5)","background-image":"","background-repeat":"repeat","background-position":"center center","background-size":"auto","background-attachment":"scroll","background-type":"","background-media":"","overlay-type":"","overlay-color":"","overlay-gradient":""}},"footnotes":""},"_links":{"self":[{"href":"https:\/\/vrtecmorje.si\/index.php?rest_route=\/wp\/v2\/pages\/646"}],"collection":[{"href":"https:\/\/vrtecmorje.si\/index.php?rest_route=\/wp\/v2\/pages"}],"about":[{"href":"https:\/\/vrtecmorje.si\/index.php?rest_route=\/wp\/v2\/types\/page"}],"author":[{"embeddable":true,"href":"https:\/\/vrtecmorje.si\/index.php?rest_route=\/wp\/v2\/users\/1"}],"replies":[{"embeddable":true,"href":"https:\/\/vrtecmorje.si\/index.php?rest_route=%2Fwp%2Fv2%2Fcomments&post=646"}],"version-history":[{"count":5,"href":"https:\/\/vrtecmorje.si\/index.php?rest_route=\/wp\/v2\/pages\/646\/revisions"}],"predecessor-version":[{"id":1626,"href":"https:\/\/vrtecmorje.si\/index.php?rest_route=\/wp\/v2\/pages\/646\/revisions\/1626"}],"wp:attachment":[{"href":"https:\/\/vrtecmorje.si\/index.php?rest_route=%2Fwp%2Fv2%2Fmedia&parent=646"}],"curies":[{"name":"wp","href":"https:\/\/api.w.org\/{rel}","templated":true}]}}